{"id":3110,"date":"2026-09-01T12:27:12","date_gmt":"2026-09-01T12:27:12","guid":{"rendered":"https:\/\/metlika-turizem.si\/?post_type=dogodki&#038;p=3110"},"modified":"2026-09-01T12:27:13","modified_gmt":"2026-09-01T12:27:13","slug":"mladi-povedo-tvoj-glas-tvoje-ideje-tvoj-mc","status":"publish","type":"dogodki","link":"https:\/\/metlika-turizem.si\/en\/dogodki\/mladi-povedo-tvoj-glas-tvoje-ideje-tvoj-mc\/","title":{"rendered":"MLADI POVEDO \u2013 TVOJ GLAS, TVOJE IDEJE, TVOJ MC!\u00a0"},"content":{"rendered":"<p class=\"wp-block-paragraph\">Po poletju se vra\u010da tudi Mladi povedo \u2013 prostor, kjer ne govorimo o mladih brez mladih, ampak se usedemo skupaj in vpra\u0161amo: Kaj si \u017eelimo? Kaj potrebujemo? In kaj lahko skupaj naredimo?\u00a0<img loading=\"lazy\" decoding=\"async\" height=\"16\" width=\"16\" src=\"https:\/\/static.xx.fbcdn.net\/images\/emoji.php\/v9\/t3c\/1\/16\/1f4a1.png\" alt=\"\ud83d\udca1\"><br>Tokrat brez sestankovalnice, dnevnega reda in formalnosti.\u00a0<img loading=\"lazy\" decoding=\"async\" height=\"16\" width=\"16\" src=\"https:\/\/static.xx.fbcdn.net\/images\/emoji.php\/v9\/t83\/1\/16\/1f60e.png\" alt=\"\ud83d\ude0e\"><\/p>\n\n\n\n<p class=\"wp-block-paragraph\">Dobimo se ob Kolpi, se podru\u017eimo, kaj dobrega pojemo&nbsp;<img loading=\"lazy\" decoding=\"async\" height=\"16\" width=\"16\" alt=\"\ud83c\udf2d\" src=\"https:\/\/static.xx.fbcdn.net\/images\/emoji.php\/v9\/t7d\/1\/16\/1f32d.png\"><img loading=\"lazy\" decoding=\"async\" height=\"16\" width=\"16\" alt=\"\ud83e\udd64\" src=\"https:\/\/static.xx.fbcdn.net\/images\/emoji.php\/v9\/t4f\/1\/16\/1f964.png\">&nbsp;in predvsem odpremo prostor za pogovor.<br><img loading=\"lazy\" decoding=\"async\" height=\"16\" width=\"16\" alt=\"\ud83d\udcac\" src=\"https:\/\/static.xx.fbcdn.net\/images\/emoji.php\/v9\/t6e\/1\/16\/1f4ac.png\">&nbsp;Kaj bi se moralo dogajati v MC ME?<br><img loading=\"lazy\" decoding=\"async\" height=\"16\" width=\"16\" alt=\"\ud83c\udfb8\" src=\"https:\/\/static.xx.fbcdn.net\/images\/emoji.php\/v9\/t21\/1\/16\/1f3b8.png\">&nbsp;Koncerti, ustvarjalne delavnice, \u0161port, dru\u017eenja, izobra\u017eevanja?<br><img loading=\"lazy\" decoding=\"async\" height=\"16\" width=\"16\" alt=\"\ud83d\udca1\" src=\"https:\/\/static.xx.fbcdn.net\/images\/emoji.php\/v9\/t3c\/1\/16\/1f4a1.png\">&nbsp;Ima\u0161 idejo, ki jo \u017ee nekaj \u010dasa nosi\u0161 v glavi?<br><img loading=\"lazy\" decoding=\"async\" height=\"16\" width=\"16\" alt=\"\ud83d\ude4b\" src=\"https:\/\/static.xx.fbcdn.net\/images\/emoji.php\/v9\/t7c\/1\/16\/1f64b.png\">&nbsp;Bi se rad\/-a vklju\u010dil\/-a v organizacijo dogodkov?<br><img loading=\"lazy\" decoding=\"async\" height=\"16\" width=\"16\" alt=\"\ud83d\udc40\" src=\"https:\/\/static.xx.fbcdn.net\/images\/emoji.php\/v9\/tc8\/1\/16\/1f440.png\">&nbsp;Ali pa \u017eeli\u0161 samo priti pogledat, kaj na\u010drtujemo?<\/p>\n\n\n\n<p class=\"wp-block-paragraph\">Vse \u0161teje. Tudi ideja, ki se na za\u010detku zdi malo nora.&nbsp;<img loading=\"lazy\" decoding=\"async\" height=\"16\" width=\"16\" alt=\"\ud83d\ude09\" src=\"https:\/\/static.xx.fbcdn.net\/images\/emoji.php\/v9\/t57\/1\/16\/1f609.png\"><\/p>\n\n\n\n<p class=\"wp-block-paragraph\">Mladi povedo ni klasi\u010den sestanek. Je prostor, kjer mladi predlagate, komentirate, na\u010drtujete in soustvarjate program, ki je namenjen vam.&nbsp;<img loading=\"lazy\" decoding=\"async\" height=\"16\" width=\"16\" alt=\"\ud83e\udd1d\" src=\"https:\/\/static.xx.fbcdn.net\/images\/emoji.php\/v9\/t64\/1\/16\/1f91d.png\"><br>Skupaj bomo pogledali tudi, kaj nas \u010daka jeseni in pozimi, kaj bi lahko naredili druga\u010de in katere ideje lahko dejansko spravimo v \u017eivljenje.&nbsp;<img loading=\"lazy\" decoding=\"async\" height=\"16\" width=\"16\" alt=\"\ud83d\ude80\" src=\"https:\/\/static.xx.fbcdn.net\/images\/emoji.php\/v9\/tc6\/1\/16\/1f680.png\"><\/p>\n\n\n\n<p class=\"wp-block-paragraph\"><img loading=\"lazy\" decoding=\"async\" height=\"16\" width=\"16\" alt=\"\ud83c\udf31\" src=\"https:\/\/static.xx.fbcdn.net\/images\/emoji.php\/v9\/t69\/1\/16\/1f331.png\">&nbsp;Zakaj Mladi povedo?<br>Ker \u017eelimo, da mladi niste samo obiskovalci dogodkov, ampak aktivni del MC ME \u2013 od prve ideje do organizacije, izvedbe in tega, kaj bomo naslednji\u010d izbolj\u0161ali.<\/p>\n\n\n\n<p class=\"wp-block-paragraph\"><img loading=\"lazy\" decoding=\"async\" height=\"16\" width=\"16\" alt=\"\ud83d\udcc5\" src=\"https:\/\/static.xx.fbcdn.net\/images\/emoji.php\/v9\/t7e\/1\/16\/1f4c5.png\">&nbsp;Sobota, 26. september<br><img loading=\"lazy\" decoding=\"async\" height=\"16\" width=\"16\" alt=\"\ud83d\udd53\" src=\"https:\/\/static.xx.fbcdn.net\/images\/emoji.php\/v9\/t2b\/1\/16\/1f553.png\">&nbsp;Popoldne<br><img loading=\"lazy\" decoding=\"async\" height=\"16\" width=\"16\" alt=\"\ud83d\udccd\" src=\"https:\/\/static.xx.fbcdn.net\/images\/emoji.php\/v9\/t2d\/1\/16\/1f4cd.png\">&nbsp;Metli\u0161ka koupa<br><img loading=\"lazy\" decoding=\"async\" height=\"16\" width=\"16\" alt=\"\ud83c\udf27\ufe0f\" src=\"https:\/\/static.xx.fbcdn.net\/images\/emoji.php\/v9\/td0\/1\/16\/1f327.png\">&nbsp;V primeru slabega vremena se preselimo v Mladinski center Metlika<\/p>\n\n\n\n<p class=\"wp-block-paragraph\">Pridi zaradi ideje. Pridi zaradi dru\u017ebe. Pridi samo na \u010dil.&nbsp;<img loading=\"lazy\" decoding=\"async\" height=\"16\" width=\"16\" alt=\"\ud83d\ude0e\" src=\"https:\/\/static.xx.fbcdn.net\/images\/emoji.php\/v9\/t83\/1\/16\/1f60e.png\"><br>Mogo\u010de pa ravno iz enega pogovora nastane naslednji dober projekt, dogodek ali nova ekipa.&nbsp;<img loading=\"lazy\" decoding=\"async\" height=\"16\" width=\"16\" alt=\"\ud83d\udca5\" src=\"https:\/\/static.xx.fbcdn.net\/images\/emoji.php\/v9\/t40\/1\/16\/1f4a5.png\"><\/p>\n\n\n\n<p class=\"wp-block-paragraph\">MC ME je prostor mladih. Zato je pomembno, da poveste, kak\u0161en naj bo.&nbsp;<img loading=\"lazy\" decoding=\"async\" height=\"16\" width=\"16\" alt=\"\ud83d\udde3\ufe0f\" src=\"https:\/\/static.xx.fbcdn.net\/images\/emoji.php\/v9\/tfb\/1\/16\/1f5e3.png\"><img loading=\"lazy\" decoding=\"async\" height=\"16\" width=\"16\" alt=\"\ud83d\udc9b\" src=\"https:\/\/static.xx.fbcdn.net\/images\/emoji.php\/v9\/t15\/1\/16\/1f49b.png\"><\/p>\n\n\n\n<p class=\"wp-block-paragraph\">Dogodek je sofinanciran s strani MIZM, Direktorat za mladino.<\/p>","protected":false},"featured_media":3112,"template":"","meta":{"_acf_changed":true},"categories":[],"dogodki-kategorija":[],"hf_cat_dogodki":[],"class_list":["post-3110","dogodki","type-dogodki","status-publish","has-post-thumbnail","hentry"],"acf":[],"_links":{"self":[{"href":"https:\/\/metlika-turizem.si\/en\/wp-json\/wp\/v2\/dogodki\/3110","targetHints":{"allow":["GET"]}}],"collection":[{"href":"https:\/\/metlika-turizem.si\/en\/wp-json\/wp\/v2\/dogodki"}],"about":[{"href":"https:\/\/metlika-turizem.si\/en\/wp-json\/wp\/v2\/types\/dogodki"}],"wp:featuredmedia":[{"embeddable":true,"href":"https:\/\/metlika-turizem.si\/en\/wp-json\/wp\/v2\/media\/3112"}],"wp:attachment":[{"href":"https:\/\/metlika-turizem.si\/en\/wp-json\/wp\/v2\/media?parent=3110"}],"wp:term":[{"taxonomy":"category","embeddable":true,"href":"https:\/\/metlika-turizem.si\/en\/wp-json\/wp\/v2\/categories?post=3110"},{"taxonomy":"dogodki-kategorija","embeddable":true,"href":"https:\/\/metlika-turizem.si\/en\/wp-json\/wp\/v2\/dogodki-kategorija?post=3110"},{"taxonomy":"hf_cat_dogodki","embeddable":true,"href":"https:\/\/metlika-turizem.si\/en\/wp-json\/wp\/v2\/hf_cat_dogodki?post=3110"}],"curies":[{"name":"wp","href":"https:\/\/api.w.org\/{rel}","templated":true}]}}